{"id":298,"date":"2023-03-28T22:50:09","date_gmt":"2023-03-28T20:50:09","guid":{"rendered":"http:\/\/www.servitecindustrial.com\/?page_id=298"},"modified":"2023-05-15T15:23:36","modified_gmt":"2023-05-15T13:23:36","slug":"politica-de-rrss","status":"publish","type":"page","link":"https:\/\/www.servitecindustrial.com\/en\/politica-de-rrss\/","title":{"rendered":"Social Media Policy"},"content":{"rendered":"<div data-elementor-type=\"wp-page\" data-elementor-id=\"298\" class=\"elementor elementor-298\" data-elementor-post-type=\"page\">\n\t\t\t\t\t\t<section class=\"elementor-section elementor-top-section elementor-element elementor-element-2c19045 elementor-section-full_width elementor-section-height-default elementor-section-height-default\" data-id=\"2c19045\" data-element_type=\"section\" data-e-type=\"section\">\n\t\t\t\t\t\t<div class=\"elementor-container elementor-column-gap-default\">\n\t\t\t\t\t<div class=\"elementor-column elementor-col-100 elementor-top-column elementor-element elementor-element-6e6b296\" data-id=\"6e6b296\" data-element_type=\"column\" data-e-type=\"column\">\n\t\t\t<div class=\"elementor-widget-wrap elementor-element-populated\">\n\t\t\t\t\t\t<div class=\"elementor-element elementor-element-f840835 elementor-widget elementor-widget-heading\" data-id=\"f840835\" data-element_type=\"widget\" data-e-type=\"widget\" data-widget_type=\"heading.default\">\n\t\t\t\t<div class=\"elementor-widget-container\">\n\t\t\t\t\t<h2 class=\"elementor-heading-title elementor-size-default\">Pol\u00edtica de Redes Sociales<\/h2>\t\t\t\t<\/div>\n\t\t\t\t<\/div>\n\t\t\t\t\t<\/div>\n\t\t<\/div>\n\t\t\t\t\t<\/div>\n\t\t<\/section>\n\t\t\t\t<section class=\"elementor-section elementor-top-section elementor-element elementor-element-32d5774 elementor-section-full_width elementor-section-height-default elementor-section-height-default\" data-id=\"32d5774\" data-element_type=\"section\" data-e-type=\"section\">\n\t\t\t\t\t\t<div class=\"elementor-container elementor-column-gap-default\">\n\t\t\t\t\t<div class=\"elementor-column elementor-col-100 elementor-top-column elementor-element elementor-element-b6fa2ca\" data-id=\"b6fa2ca\" data-element_type=\"column\" data-e-type=\"column\">\n\t\t\t<div class=\"elementor-widget-wrap elementor-element-populated\">\n\t\t\t\t\t\t<div class=\"elementor-element elementor-element-d1a5c0a elementor-widget elementor-widget-heading\" data-id=\"d1a5c0a\" data-element_type=\"widget\" data-e-type=\"widget\" data-widget_type=\"heading.default\">\n\t\t\t\t<div class=\"elementor-widget-container\">\n\t\t\t\t\t<h2 class=\"elementor-heading-title elementor-size-default\">1. Informaci\u00f3n sobre el responsable del tratamiento de los datos alojados en la p\u00e1gina oficial de SUMINISTROS Y SERVICIOS INDUSTRIALES SERVITEC, S.A., en la red social<\/h2>\t\t\t\t<\/div>\n\t\t\t\t<\/div>\n\t\t\t\t<div class=\"elementor-element elementor-element-19dee8f elementor-widget elementor-widget-text-editor\" data-id=\"19dee8f\" data-element_type=\"widget\" data-e-type=\"widget\" data-widget_type=\"text-editor.default\">\n\t\t\t\t<div class=\"elementor-widget-container\">\n\t\t\t\t\t\t\t\t\t<p>De conformidad al deber de informaci\u00f3n establecido en el Reglamento (UE) 2016\/679 de 27 de abril (GDPR) y la Ley Org\u00e1nica 3\/2018, de 5 de diciembre (LOPDGDD)\u00a0<b>SUMINISTROS Y SERVICIOS INDUSTRIALES SERVITEC, S.A.<\/b>, en adelante el Responsable desea poner en conocimiento de los usuarios de esta red social la pol\u00edtica respecto del tratamiento y protecci\u00f3n de los datos de car\u00e1cter personal de aquellas personas que voluntariamente acceden y utilizan la p\u00e1gina oficial del\u00a0<b>RESPONSABLE<\/b>, en la misma. El acceso y uso por el usuario de esta p\u00e1gina oficial del\u00a0<b>RESPONSABLE<\/b>, supone que acepta expresamente esta pol\u00edtica de privacidad y que presta su consentimiento para el tratamiento de sus datos personales seg\u00fan lo previsto en la misma.<\/p>\t\t\t\t\t\t\t\t<\/div>\n\t\t\t\t<\/div>\n\t\t\t\t\t<\/div>\n\t\t<\/div>\n\t\t\t\t\t<\/div>\n\t\t<\/section>\n\t\t\t\t<section class=\"elementor-section elementor-top-section elementor-element elementor-element-dd79438 elementor-section-full_width elementor-section-height-default elementor-section-height-default\" data-id=\"dd79438\" data-element_type=\"section\" data-e-type=\"section\">\n\t\t\t\t\t\t<div class=\"elementor-container elementor-column-gap-default\">\n\t\t\t\t\t<div class=\"elementor-column elementor-col-100 elementor-top-column elementor-element elementor-element-3531b95\" data-id=\"3531b95\" data-element_type=\"column\" data-e-type=\"column\">\n\t\t\t<div class=\"elementor-widget-wrap elementor-element-populated\">\n\t\t\t\t\t\t<div class=\"elementor-element elementor-element-1c52fde elementor-widget elementor-widget-heading\" data-id=\"1c52fde\" data-element_type=\"widget\" data-e-type=\"widget\" data-widget_type=\"heading.default\">\n\t\t\t\t<div class=\"elementor-widget-container\">\n\t\t\t\t\t<h2 class=\"elementor-heading-title elementor-size-default\">2. Datos de menores de edad o incapaces\n<\/h2>\t\t\t\t<\/div>\n\t\t\t\t<\/div>\n\t\t\t\t<div class=\"elementor-element elementor-element-b029fb3 elementor-widget elementor-widget-text-editor\" data-id=\"b029fb3\" data-element_type=\"widget\" data-e-type=\"widget\" data-widget_type=\"text-editor.default\">\n\t\t\t\t<div class=\"elementor-widget-container\">\n\t\t\t\t\t\t\t\t\t<p>El acceso y registro en esta red social est\u00e1 prohibido a los menores de catorce (14) a\u00f1os, de forma que igualmente queda prohibido el acceso y uso de los menores de catorce (14 a\u00f1os) a la p\u00e1gina oficial del <strong>RESPONSABLE<\/strong>, en la misma. Por su parte, si el usuario es incapaz, el\u00a0<b>RESPONSABLE<\/b>, advierte que ser\u00e1 necesaria la asistencia consentida del titular de la patria potestad o tutela del usuario o su representante legal para el acceso y uso de esta p\u00e1gina oficial del\u00a0<b>RESPONSABLE<\/b>,. este quedar\u00e1 expresamente exonerada de cualquier responsabilidad que pudiera derivarse del uso de su p\u00e1gina oficial por menores e incapaces siendo dicha responsabilidad de sus representantes legales en cada caso.<\/p>\t\t\t\t\t\t\t\t<\/div>\n\t\t\t\t<\/div>\n\t\t\t\t\t<\/div>\n\t\t<\/div>\n\t\t\t\t\t<\/div>\n\t\t<\/section>\n\t\t\t\t<section class=\"elementor-section elementor-top-section elementor-element elementor-element-016f617 elementor-section-full_width elementor-section-height-default elementor-section-height-default\" data-id=\"016f617\" data-element_type=\"section\" data-e-type=\"section\">\n\t\t\t\t\t\t<div class=\"elementor-container elementor-column-gap-default\">\n\t\t\t\t\t<div class=\"elementor-column elementor-col-100 elementor-top-column elementor-element elementor-element-b47d3f7\" data-id=\"b47d3f7\" data-element_type=\"column\" data-e-type=\"column\">\n\t\t\t<div class=\"elementor-widget-wrap elementor-element-populated\">\n\t\t\t\t\t\t<div class=\"elementor-element elementor-element-f69ad48 elementor-widget elementor-widget-heading\" data-id=\"f69ad48\" data-element_type=\"widget\" data-e-type=\"widget\" data-widget_type=\"heading.default\">\n\t\t\t\t<div class=\"elementor-widget-container\">\n\t\t\t\t\t<h2 class=\"elementor-heading-title elementor-size-default\">3. Identificaci\u00f3n de la raz\u00f3n social del responsable del fichero\n<\/h2>\t\t\t\t<\/div>\n\t\t\t\t<\/div>\n\t\t\t\t<div class=\"elementor-element elementor-element-d3fb332 elementor-widget elementor-widget-text-editor\" data-id=\"d3fb332\" data-element_type=\"widget\" data-e-type=\"widget\" data-widget_type=\"text-editor.default\">\n\t\t\t\t<div class=\"elementor-widget-container\">\n\t\t\t\t\t\t\t\t\t<p>El usuario queda informado de que el\u00a0<b>RESPONSABLE<\/b>, con domicilio social en\u00a0<b>Avda. Sant Juli\u00e0 (Pol. Ind. Congost), 155-157 &#8211; 08403 Granollers (Barcelona)<\/b>, ostenta la condici\u00f3n de responsable de los ficheros y tratamientos a trav\u00e9s de los que se recogen y almacenan los datos personales del usuario como consecuencia del registro y uso de la p\u00e1gina oficial del\u00a0<b>RESPONSABLE<\/b>, en esta red social, sin perjuicio de los tratamientos de los que es responsable la entidad titular de la red social en la que se encuentra nuestra p\u00e1gina oficial.<\/p>\t\t\t\t\t\t\t\t<\/div>\n\t\t\t\t<\/div>\n\t\t\t\t\t<\/div>\n\t\t<\/div>\n\t\t\t\t\t<\/div>\n\t\t<\/section>\n\t\t\t\t<section class=\"elementor-section elementor-top-section elementor-element elementor-element-f130e8b elementor-section-full_width elementor-section-height-default elementor-section-height-default\" data-id=\"f130e8b\" data-element_type=\"section\" data-e-type=\"section\">\n\t\t\t\t\t\t<div class=\"elementor-container elementor-column-gap-default\">\n\t\t\t\t\t<div class=\"elementor-column elementor-col-100 elementor-top-column elementor-element elementor-element-8b9d300\" data-id=\"8b9d300\" data-element_type=\"column\" data-e-type=\"column\">\n\t\t\t<div class=\"elementor-widget-wrap elementor-element-populated\">\n\t\t\t\t\t\t<div class=\"elementor-element elementor-element-34d1e09 elementor-widget elementor-widget-heading\" data-id=\"34d1e09\" data-element_type=\"widget\" data-e-type=\"widget\" data-widget_type=\"heading.default\">\n\t\t\t\t<div class=\"elementor-widget-container\">\n\t\t\t\t\t<h2 class=\"elementor-heading-title elementor-size-default\">4. Finalidades a que se destinan los datos de car\u00e1cter personal, informaci\u00f3n y consentimiento\n<\/h2>\t\t\t\t<\/div>\n\t\t\t\t<\/div>\n\t\t\t\t<div class=\"elementor-element elementor-element-8eebd46 elementor-widget elementor-widget-text-editor\" data-id=\"8eebd46\" data-element_type=\"widget\" data-e-type=\"widget\" data-widget_type=\"text-editor.default\">\n\t\t\t\t<div class=\"elementor-widget-container\">\n\t\t\t\t\t\t\t\t\t<p>Los datos personales proporcionados voluntariamente por el usuario al\u00a0<b>RESPONSABLE<\/b>, a trav\u00e9s de su p\u00e1gina oficial formar\u00e1n parte de un tratamiento de datos responsabilidad del\u00a0<b>RESPONSABLE<\/b>, con la finalidad de ofrecerle informaci\u00f3n del\u00a0<b>RESPONSABLE<\/b>, por e-mail, fax, SMS, MMS, comunidades sociales o cualesquier otro medio electr\u00f3nico o f\u00edsico, presente o futuro, que posibilite realizar comunicaci\u00f3n comerciales, env\u00edo de newsletter a aquellos usuarios que se suscriban, intercambiar informaci\u00f3n con el\u00a0<b>RESPONSABLE<\/b>, y otros usuarios y establecer comunicaci\u00f3n con terceros.<\/p><p>Desde el momento en que el usuario utiliza la presente p\u00e1gina oficial presta su consentimiento libre, inequ\u00edvoco, espec\u00edfico, informado y expreso para el tratamiento de sus datos personales por el\u00a0<b>RESPONSABLE<\/b>, para la correcta prestaci\u00f3n de dichos servicios de acuerdo con lo establecido en la presente pol\u00edtica.<\/p><p>El usuario es libre de utilizar la p\u00e1gina oficial del\u00a0<b>RESPONSABLE<\/b>, en esta red social, por lo que en caso en que el usuario no est\u00e9 de acuerdo con el tratamiento de sus datos con dichos fines, no deber\u00e1 utilizarla ni proporcionar sus datos personales.<\/p><p>A trav\u00e9s de esta p\u00e1gina oficial del\u00a0<b>RESPONSABLE<\/b>, el usuario puede compartir textos, fotos, v\u00eddeos y otro tipo de informaci\u00f3n y\/o contenidos que estar\u00e1n sujetos tanto a la presente pol\u00edtica como a las Normas y Condiciones de la Plataforma. El usuario ser\u00e1 responsable de que todos los contenidos que publique respeten la legislaci\u00f3n vigente, la presente pol\u00edtica y las Normas de la Plataforma.<\/p><p>El usuario \u00fanicamente podr\u00e1 publicar en esta p\u00e1gina oficial del\u00a0<b>RESPONSABLE<\/b>, datos personales, fotograf\u00edas e informaciones u otros contenidos cuya titularidad y propiedad le pertenezcan o respecto de las cuales ostente la autorizaci\u00f3n de terceros.<\/p><p>El\u00a0<b>RESPONSABLE<\/b>, tendr\u00e1 derecho a eliminar de la presente p\u00e1gina oficial \u2013de forma unilateral y sin previa comunicaci\u00f3n ni autorizaci\u00f3n del usuario- cualesquiera contenidos publicados por el usuario cuando el usuario infrinja o vulnere la legislaci\u00f3n vigente, las normas establecidas en la presente pol\u00edtica y las Normas de la Plataforma.<\/p>\t\t\t\t\t\t\t\t<\/div>\n\t\t\t\t<\/div>\n\t\t\t\t\t<\/div>\n\t\t<\/div>\n\t\t\t\t\t<\/div>\n\t\t<\/section>\n\t\t\t\t<section class=\"elementor-section elementor-top-section elementor-element elementor-element-a7c3cc2 elementor-section-full_width elementor-section-height-default elementor-section-height-default\" data-id=\"a7c3cc2\" data-element_type=\"section\" data-e-type=\"section\">\n\t\t\t\t\t\t<div class=\"elementor-container elementor-column-gap-default\">\n\t\t\t\t\t<div class=\"elementor-column elementor-col-100 elementor-top-column elementor-element elementor-element-0a64df2\" data-id=\"0a64df2\" data-element_type=\"column\" data-e-type=\"column\">\n\t\t\t<div class=\"elementor-widget-wrap elementor-element-populated\">\n\t\t\t\t\t\t<div class=\"elementor-element elementor-element-4a0f77c elementor-widget elementor-widget-heading\" data-id=\"4a0f77c\" data-element_type=\"widget\" data-e-type=\"widget\" data-widget_type=\"heading.default\">\n\t\t\t\t<div class=\"elementor-widget-container\">\n\t\t\t\t\t<h2 class=\"elementor-heading-title elementor-size-default\">5. Identificaci\u00f3n de los destinatarios respecto de los que el RESPONSABLE, tenga previsto la realizaci\u00f3n de cesiones o comunicaciones de datos\n<\/h2>\t\t\t\t<\/div>\n\t\t\t\t<\/div>\n\t\t\t\t<div class=\"elementor-element elementor-element-df09053 elementor-widget elementor-widget-text-editor\" data-id=\"df09053\" data-element_type=\"widget\" data-e-type=\"widget\" data-widget_type=\"text-editor.default\">\n\t\t\t\t<div class=\"elementor-widget-container\">\n\t\t\t\t\t\t\t\t\t<p>Se advierte al usuario que toda la informaci\u00f3n y contenidos que publique en la p\u00e1gina oficial del\u00a0<b>RESPONSABLE<\/b>, en la red social podr\u00e1 ser conocida por los restantes usuarios de la p\u00e1gina oficial y de la plataforma de red social. En consecuencia, toda la informaci\u00f3n y contenidos publicados por el usuario en la p\u00e1gina oficial del\u00a0<b>RESPONSABLE<\/b>, en esta red social ser\u00e1 objeto de comunicaci\u00f3n de al resto de los usuarios por la propia naturaleza del servicio.<\/p><p>El\u00a0<b>RESPONSABLE<\/b>\u00a0\u00fanicamente tiene prevista la realizaci\u00f3n de cesiones o comunicaciones de datos que en raz\u00f3n de la normativa vigente deba realizar a jueces, tribunales, administraciones p\u00fablicas y autoridades competentes de car\u00e1cter administrativo.<\/p>\t\t\t\t\t\t\t\t<\/div>\n\t\t\t\t<\/div>\n\t\t\t\t\t<\/div>\n\t\t<\/div>\n\t\t\t\t\t<\/div>\n\t\t<\/section>\n\t\t\t\t<section class=\"elementor-section elementor-top-section elementor-element elementor-element-491f5c5 elementor-section-full_width elementor-section-height-default elementor-section-height-default\" data-id=\"491f5c5\" data-element_type=\"section\" data-e-type=\"section\">\n\t\t\t\t\t\t<div class=\"elementor-container elementor-column-gap-default\">\n\t\t\t\t\t<div class=\"elementor-column elementor-col-100 elementor-top-column elementor-element elementor-element-567ccf4\" data-id=\"567ccf4\" data-element_type=\"column\" data-e-type=\"column\">\n\t\t\t<div class=\"elementor-widget-wrap elementor-element-populated\">\n\t\t\t\t\t\t<div class=\"elementor-element elementor-element-c428e9b elementor-widget elementor-widget-heading\" data-id=\"c428e9b\" data-element_type=\"widget\" data-e-type=\"widget\" data-widget_type=\"heading.default\">\n\t\t\t\t<div class=\"elementor-widget-container\">\n\t\t\t\t\t<h2 class=\"elementor-heading-title elementor-size-default\">6. Otros terceros prestadores de servicios\n<\/h2>\t\t\t\t<\/div>\n\t\t\t\t<\/div>\n\t\t\t\t<div class=\"elementor-element elementor-element-ff9aa2d elementor-widget elementor-widget-text-editor\" data-id=\"ff9aa2d\" data-element_type=\"widget\" data-e-type=\"widget\" data-widget_type=\"text-editor.default\">\n\t\t\t\t<div class=\"elementor-widget-container\">\n\t\t\t\t\t\t\t\t\t<p>El\u00a0<b>RESPONSABLE<\/b>, advierte al usuario de que esta entidad s\u00f3lo es responsable y garantiza la confidencialidad, seguridad y tratamiento de los datos conforme a la presente pol\u00edtica, respecto de los datos de car\u00e1cter personal que recoja del usuario a trav\u00e9s de la presente p\u00e1gina oficial en esta red social, no teniendo ning\u00fan tipo de responsabilidad respecto de los tratamientos y posteriores utilizaciones de los datos personales que pudieran efectuarse tanto por el titular de la red social como por terceros prestadores de servicios de la sociedad de la informaci\u00f3n que pudiesen acceder a tales datos en raz\u00f3n de la prestaci\u00f3n de sus servicios o ejercicio de su actividad, terceros que establezcan hiperenlaces a la red social, ni de aquellos responsables a quienes a trav\u00e9s de hiperenlaces el\u00a0<b>RESPONSABLE<\/b>, remite a los usuarios adheridos a la presente p\u00e1gina oficial.<\/p>\t\t\t\t\t\t\t\t<\/div>\n\t\t\t\t<\/div>\n\t\t\t\t\t<\/div>\n\t\t<\/div>\n\t\t\t\t\t<\/div>\n\t\t<\/section>\n\t\t\t\t<section class=\"elementor-section elementor-top-section elementor-element elementor-element-d9b7ae2 elementor-section-full_width elementor-section-height-default elementor-section-height-default\" data-id=\"d9b7ae2\" data-element_type=\"section\" data-e-type=\"section\">\n\t\t\t\t\t\t<div class=\"elementor-container elementor-column-gap-default\">\n\t\t\t\t\t<div class=\"elementor-column elementor-col-100 elementor-top-column elementor-element elementor-element-24f9179\" data-id=\"24f9179\" data-element_type=\"column\" data-e-type=\"column\">\n\t\t\t<div class=\"elementor-widget-wrap elementor-element-populated\">\n\t\t\t\t\t\t<div class=\"elementor-element elementor-element-2a4f05a elementor-widget elementor-widget-heading\" data-id=\"2a4f05a\" data-element_type=\"widget\" data-e-type=\"widget\" data-widget_type=\"heading.default\">\n\t\t\t\t<div class=\"elementor-widget-container\">\n\t\t\t\t\t<h2 class=\"elementor-heading-title elementor-size-default\">7. Calidad de los datos\n<\/h2>\t\t\t\t<\/div>\n\t\t\t\t<\/div>\n\t\t\t\t<div class=\"elementor-element elementor-element-bb65fb6 elementor-widget elementor-widget-text-editor\" data-id=\"bb65fb6\" data-element_type=\"widget\" data-e-type=\"widget\" data-widget_type=\"text-editor.default\">\n\t\t\t\t<div class=\"elementor-widget-container\">\n\t\t\t\t\t\t\t\t\t<p>El\u00a0<b>RESPONSABLE<\/b>, advierte al usuario de que, salvo la existencia de una representaci\u00f3n legalmente constituida, ning\u00fan usuario puede utilizar la identidad de otra persona y comunicar sus datos personales, por lo que el usuario en todo momento deber\u00e1 tener en cuenta que solo puede proporcionar datos personales correspondientes a su propia identidad y que sean adecuados, pertinentes, actuales, exactos y verdaderos. En cualquier caso, el usuario deber\u00e1 respetar la privacidad de terceros, sean \u00e9stos usuarios o no de la red social o de la p\u00e1gina oficial del\u00a0<b>RESPONSABLE<\/b>, en la misma.<\/p>\t\t\t\t\t\t\t\t<\/div>\n\t\t\t\t<\/div>\n\t\t\t\t\t<\/div>\n\t\t<\/div>\n\t\t\t\t\t<\/div>\n\t\t<\/section>\n\t\t\t\t<section class=\"elementor-section elementor-top-section elementor-element elementor-element-0a91346 elementor-section-full_width elementor-section-height-default elementor-section-height-default\" data-id=\"0a91346\" data-element_type=\"section\" data-e-type=\"section\">\n\t\t\t\t\t\t<div class=\"elementor-container elementor-column-gap-default\">\n\t\t\t\t\t<div class=\"elementor-column elementor-col-100 elementor-top-column elementor-element elementor-element-c0aa689\" data-id=\"c0aa689\" data-element_type=\"column\" data-e-type=\"column\">\n\t\t\t<div class=\"elementor-widget-wrap elementor-element-populated\">\n\t\t\t\t\t\t<div class=\"elementor-element elementor-element-7fd3496 elementor-widget elementor-widget-heading\" data-id=\"7fd3496\" data-element_type=\"widget\" data-e-type=\"widget\" data-widget_type=\"heading.default\">\n\t\t\t\t<div class=\"elementor-widget-container\">\n\t\t\t\t\t<h2 class=\"elementor-heading-title elementor-size-default\">8. Derechos que asisten al Interesado:\n<\/h2>\t\t\t\t<\/div>\n\t\t\t\t<\/div>\n\t\t\t\t<div class=\"elementor-element elementor-element-0d00536 elementor-widget elementor-widget-text-editor\" data-id=\"0d00536\" data-element_type=\"widget\" data-e-type=\"widget\" data-widget_type=\"text-editor.default\">\n\t\t\t\t<div class=\"elementor-widget-container\">\n\t\t\t\t\t\t\t\t\t<ul><li>Derecho a retirar el consentimiento en cualquier momento.<\/li><li>Derecho de acceso, rectificaci\u00f3n, portabilidad y supresi\u00f3n de sus datos y a la limitaci\u00f3n u oposici\u00f3n a su tratamiento.<\/li><li>Derecho a presentar una reclamaci\u00f3n ante la Autoridad de control (www.aepd.es.) si considera que el tratamiento no se ajusta a la normativa vigente.<\/li><\/ul>\t\t\t\t\t\t\t\t<\/div>\n\t\t\t\t<\/div>\n\t\t\t\t\t<\/div>\n\t\t<\/div>\n\t\t\t\t\t<\/div>\n\t\t<\/section>\n\t\t\t\t<section class=\"elementor-section elementor-top-section elementor-element elementor-element-3914937 elementor-section-full_width elementor-section-height-default elementor-section-height-default\" data-id=\"3914937\" data-element_type=\"section\" data-e-type=\"section\">\n\t\t\t\t\t\t<div class=\"elementor-container elementor-column-gap-default\">\n\t\t\t\t\t<div class=\"elementor-column elementor-col-100 elementor-top-column elementor-element elementor-element-84e2aa6\" data-id=\"84e2aa6\" data-element_type=\"column\" data-e-type=\"column\">\n\t\t\t<div class=\"elementor-widget-wrap elementor-element-populated\">\n\t\t\t\t\t\t<div class=\"elementor-element elementor-element-510863d elementor-widget elementor-widget-heading\" data-id=\"510863d\" data-element_type=\"widget\" data-e-type=\"widget\" data-widget_type=\"heading.default\">\n\t\t\t\t<div class=\"elementor-widget-container\">\n\t\t\t\t\t<h2 class=\"elementor-heading-title elementor-size-default\">9. Otra informaci\u00f3n de inter\u00e9s\n<\/h2>\t\t\t\t<\/div>\n\t\t\t\t<\/div>\n\t\t\t\t<div class=\"elementor-element elementor-element-18a3339 elementor-widget elementor-widget-text-editor\" data-id=\"18a3339\" data-element_type=\"widget\" data-e-type=\"widget\" data-widget_type=\"text-editor.default\">\n\t\t\t\t<div class=\"elementor-widget-container\">\n\t\t\t\t\t\t\t\t\t<p>El\u00a0<b>RESPONSABLE<\/b>, podr\u00e1 modificar y\/o sustituir en cualquier momento la presente pol\u00edtica que, seg\u00fan los casos, sustituir\u00e1, completar\u00e1 y\/o modificar\u00e1 la actualmente publicada aqu\u00ed recogida. Por ello el usuario deber\u00e1 acceder peri\u00f3dicamente a las mismas con el fin de mantenerse actualizado.<\/p><p>El usuario puede contactar con el <strong>RESPONSABLE<\/strong>, mediante el servicio de mensajer\u00eda interna de la red social o a trav\u00e9s de las siguientes direcciones y datos de contacto:<\/p><p><b>SUMINISTROS Y SERVICIOS INDUSTRIALES SERVITEC, S.A.<\/b><br \/>Avda. Sant Juli\u00e0 (Pol. Ind. Congost), 155-157 &#8211; 08403 Granollers (Barcelona)<br \/><a href=\"\/en\/info@servitecindustrial.com\/\">info@servitecindustrial.com<\/a><\/p><p>Asimismo el usuario puede consultar las normas y pol\u00edticas publicadas por el titular de la red social para el uso de la misma.<\/p>\t\t\t\t\t\t\t\t<\/div>\n\t\t\t\t<\/div>\n\t\t\t\t\t<\/div>\n\t\t<\/div>\n\t\t\t\t\t<\/div>\n\t\t<\/section>\n\t\t\t\t<\/div>","protected":false},"excerpt":{"rendered":"<p>Pol\u00edtica de Redes Sociales 1. Informaci\u00f3n sobre el responsable del tratamiento de los datos alojados en la p\u00e1gina oficial de SUMINISTROS Y SERVICIOS INDUSTRIALES SERVITEC, S.A., en la red social De conformidad al deber de informaci\u00f3n establecido en el Reglamento (UE) 2016\/679 de 27 de abril (GDPR) y la Ley Org\u00e1nica 3\/2018, de 5 de [&hellip;]<\/p>\n","protected":false},"author":1,"featured_media":0,"parent":0,"menu_order":0,"comment_status":"closed","ping_status":"closed","template":"","meta":{"_acf_changed":false,"footnotes":""},"class_list":["post-298","page","type-page","status-publish","hentry"],"acf":[],"yoast_head":"<!-- This site is optimized with the Yoast SEO plugin v27.5 - https:\/\/yoast.com\/product\/yoast-seo-wordpress\/ -->\n<title>Pol\u00edtica de RRSS - Servitec Industrial<\/title>\n<meta name=\"robots\" content=\"index, follow, max-snippet:-1, max-image-preview:large, max-video-preview:-1\" \/>\n<link rel=\"canonical\" href=\"https:\/\/www.servitecindustrial.com\/en\/politica-de-rrss\/\" \/>\n<meta property=\"og:locale\" content=\"en_GB\" \/>\n<meta property=\"og:type\" content=\"article\" \/>\n<meta property=\"og:title\" content=\"Pol\u00edtica de RRSS - Servitec Industrial\" \/>\n<meta property=\"og:description\" content=\"Pol\u00edtica de Redes Sociales 1. Informaci\u00f3n sobre el responsable del tratamiento de los datos alojados en la p\u00e1gina oficial de SUMINISTROS Y SERVICIOS INDUSTRIALES SERVITEC, S.A., en la red social De conformidad al deber de informaci\u00f3n establecido en el Reglamento (UE) 2016\/679 de 27 de abril (GDPR) y la Ley Org\u00e1nica 3\/2018, de 5 de [&hellip;]\" \/>\n<meta property=\"og:url\" content=\"https:\/\/www.servitecindustrial.com\/en\/politica-de-rrss\/\" \/>\n<meta property=\"og:site_name\" content=\"Servitec Industrial\" \/>\n<meta property=\"article:modified_time\" content=\"2023-05-15T13:23:36+00:00\" \/>\n<meta name=\"twitter:card\" content=\"summary_large_image\" \/>\n<meta name=\"twitter:label1\" content=\"Estimated reading time\" \/>\n\t<meta name=\"twitter:data1\" content=\"6 minutes\" \/>\n<script type=\"application\/ld+json\" class=\"yoast-schema-graph\">{\"@context\":\"https:\\\/\\\/schema.org\",\"@graph\":[{\"@type\":\"WebPage\",\"@id\":\"https:\\\/\\\/www.servitecindustrial.com\\\/politica-de-rrss\\\/\",\"url\":\"https:\\\/\\\/www.servitecindustrial.com\\\/politica-de-rrss\\\/\",\"name\":\"Pol\u00edtica de RRSS - Servitec Industrial\",\"isPartOf\":{\"@id\":\"https:\\\/\\\/www.servitecindustrial.com\\\/#website\"},\"datePublished\":\"2023-03-28T20:50:09+00:00\",\"dateModified\":\"2023-05-15T13:23:36+00:00\",\"breadcrumb\":{\"@id\":\"https:\\\/\\\/www.servitecindustrial.com\\\/politica-de-rrss\\\/#breadcrumb\"},\"inLanguage\":\"en-GB\",\"potentialAction\":[{\"@type\":\"ReadAction\",\"target\":[\"https:\\\/\\\/www.servitecindustrial.com\\\/politica-de-rrss\\\/\"]}]},{\"@type\":\"BreadcrumbList\",\"@id\":\"https:\\\/\\\/www.servitecindustrial.com\\\/politica-de-rrss\\\/#breadcrumb\",\"itemListElement\":[{\"@type\":\"ListItem\",\"position\":1,\"name\":\"Portada\",\"item\":\"https:\\\/\\\/www.servitecindustrial.com\\\/\"},{\"@type\":\"ListItem\",\"position\":2,\"name\":\"Pol\u00edtica de RRSS\"}]},{\"@type\":\"WebSite\",\"@id\":\"https:\\\/\\\/www.servitecindustrial.com\\\/#website\",\"url\":\"https:\\\/\\\/www.servitecindustrial.com\\\/\",\"name\":\"Servitec Industrial\",\"description\":\"\",\"publisher\":{\"@id\":\"https:\\\/\\\/www.servitecindustrial.com\\\/#organization\"},\"potentialAction\":[{\"@type\":\"SearchAction\",\"target\":{\"@type\":\"EntryPoint\",\"urlTemplate\":\"https:\\\/\\\/www.servitecindustrial.com\\\/?s={search_term_string}\"},\"query-input\":{\"@type\":\"PropertyValueSpecification\",\"valueRequired\":true,\"valueName\":\"search_term_string\"}}],\"inLanguage\":\"en-GB\"},{\"@type\":\"Organization\",\"@id\":\"https:\\\/\\\/www.servitecindustrial.com\\\/#organization\",\"name\":\"Servitec Industrial\",\"url\":\"https:\\\/\\\/www.servitecindustrial.com\\\/\",\"logo\":{\"@type\":\"ImageObject\",\"inLanguage\":\"en-GB\",\"@id\":\"https:\\\/\\\/www.servitecindustrial.com\\\/#\\\/schema\\\/logo\\\/image\\\/\",\"url\":\"https:\\\/\\\/www.servitecindustrial.com\\\/wp-content\\\/uploads\\\/2023\\\/03\\\/1.png\",\"contentUrl\":\"https:\\\/\\\/www.servitecindustrial.com\\\/wp-content\\\/uploads\\\/2023\\\/03\\\/1.png\",\"width\":1080,\"height\":1080,\"caption\":\"Servitec Industrial\"},\"image\":{\"@id\":\"https:\\\/\\\/www.servitecindustrial.com\\\/#\\\/schema\\\/logo\\\/image\\\/\"},\"sameAs\":[\"https:\\\/\\\/www.linkedin.com\\\/company\\\/servitec-sa\\\/\"]}]}<\/script>\n<!-- \/ Yoast SEO plugin. -->","yoast_head_json":{"title":"Pol\u00edtica de RRSS - Servitec Industrial","robots":{"index":"index","follow":"follow","max-snippet":"max-snippet:-1","max-image-preview":"max-image-preview:large","max-video-preview":"max-video-preview:-1"},"canonical":"https:\/\/www.servitecindustrial.com\/en\/politica-de-rrss\/","og_locale":"en_GB","og_type":"article","og_title":"Pol\u00edtica de RRSS - Servitec Industrial","og_description":"Pol\u00edtica de Redes Sociales 1. Informaci\u00f3n sobre el responsable del tratamiento de los datos alojados en la p\u00e1gina oficial de SUMINISTROS Y SERVICIOS INDUSTRIALES SERVITEC, S.A., en la red social De conformidad al deber de informaci\u00f3n establecido en el Reglamento (UE) 2016\/679 de 27 de abril (GDPR) y la Ley Org\u00e1nica 3\/2018, de 5 de [&hellip;]","og_url":"https:\/\/www.servitecindustrial.com\/en\/politica-de-rrss\/","og_site_name":"Servitec Industrial","article_modified_time":"2023-05-15T13:23:36+00:00","twitter_card":"summary_large_image","twitter_misc":{"Estimated reading time":"6 minutes"},"schema":{"@context":"https:\/\/schema.org","@graph":[{"@type":"WebPage","@id":"https:\/\/www.servitecindustrial.com\/politica-de-rrss\/","url":"https:\/\/www.servitecindustrial.com\/politica-de-rrss\/","name":"Pol\u00edtica de RRSS - Servitec Industrial","isPartOf":{"@id":"https:\/\/www.servitecindustrial.com\/#website"},"datePublished":"2023-03-28T20:50:09+00:00","dateModified":"2023-05-15T13:23:36+00:00","breadcrumb":{"@id":"https:\/\/www.servitecindustrial.com\/politica-de-rrss\/#breadcrumb"},"inLanguage":"en-GB","potentialAction":[{"@type":"ReadAction","target":["https:\/\/www.servitecindustrial.com\/politica-de-rrss\/"]}]},{"@type":"BreadcrumbList","@id":"https:\/\/www.servitecindustrial.com\/politica-de-rrss\/#breadcrumb","itemListElement":[{"@type":"ListItem","position":1,"name":"Portada","item":"https:\/\/www.servitecindustrial.com\/"},{"@type":"ListItem","position":2,"name":"Pol\u00edtica de RRSS"}]},{"@type":"WebSite","@id":"https:\/\/www.servitecindustrial.com\/#website","url":"https:\/\/www.servitecindustrial.com\/","name":"Servitec Industrial","description":"","publisher":{"@id":"https:\/\/www.servitecindustrial.com\/#organization"},"potentialAction":[{"@type":"SearchAction","target":{"@type":"EntryPoint","urlTemplate":"https:\/\/www.servitecindustrial.com\/?s={search_term_string}"},"query-input":{"@type":"PropertyValueSpecification","valueRequired":true,"valueName":"search_term_string"}}],"inLanguage":"en-GB"},{"@type":"Organization","@id":"https:\/\/www.servitecindustrial.com\/#organization","name":"Servitec Industrial","url":"https:\/\/www.servitecindustrial.com\/","logo":{"@type":"ImageObject","inLanguage":"en-GB","@id":"https:\/\/www.servitecindustrial.com\/#\/schema\/logo\/image\/","url":"https:\/\/www.servitecindustrial.com\/wp-content\/uploads\/2023\/03\/1.png","contentUrl":"https:\/\/www.servitecindustrial.com\/wp-content\/uploads\/2023\/03\/1.png","width":1080,"height":1080,"caption":"Servitec Industrial"},"image":{"@id":"https:\/\/www.servitecindustrial.com\/#\/schema\/logo\/image\/"},"sameAs":["https:\/\/www.linkedin.com\/company\/servitec-sa\/"]}]}},"_links":{"self":[{"href":"https:\/\/www.servitecindustrial.com\/en\/wp-json\/wp\/v2\/pages\/298","targetHints":{"allow":["GET"]}}],"collection":[{"href":"https:\/\/www.servitecindustrial.com\/en\/wp-json\/wp\/v2\/pages"}],"about":[{"href":"https:\/\/www.servitecindustrial.com\/en\/wp-json\/wp\/v2\/types\/page"}],"author":[{"embeddable":true,"href":"https:\/\/www.servitecindustrial.com\/en\/wp-json\/wp\/v2\/users\/1"}],"replies":[{"embeddable":true,"href":"https:\/\/www.servitecindustrial.com\/en\/wp-json\/wp\/v2\/comments?post=298"}],"version-history":[{"count":10,"href":"https:\/\/www.servitecindustrial.com\/en\/wp-json\/wp\/v2\/pages\/298\/revisions"}],"predecessor-version":[{"id":1119,"href":"https:\/\/www.servitecindustrial.com\/en\/wp-json\/wp\/v2\/pages\/298\/revisions\/1119"}],"wp:attachment":[{"href":"https:\/\/www.servitecindustrial.com\/en\/wp-json\/wp\/v2\/media?parent=298"}],"curies":[{"name":"wp","href":"https:\/\/api.w.org\/{rel}","templated":true}]}}